{"id":83,"date":"2024-11-21T12:00:37","date_gmt":"2024-11-21T11:00:37","guid":{"rendered":"https:\/\/dalles-seligenstadt.de\/?page_id=83"},"modified":"2026-04-08T12:08:38","modified_gmt":"2026-04-08T11:08:38","slug":"dalles-seligenstadt-2","status":"publish","type":"page","link":"https:\/\/dalles-seligenstadt.de\/?page_id=83","title":{"rendered":"DALLES | SELIGENSTADT &#8211; COMING SOON"},"content":{"rendered":"\t\t<div data-elementor-type=\"wp-page\" data-elementor-id=\"83\" class=\"elementor elementor-83\" data-elementor-post-type=\"page\">\n\t\t\t\t<div class=\"elementor-element elementor-element-767968d5 e-con-full e-flex e-con e-parent\" data-id=\"767968d5\" data-element_type=\"container\" data-e-type=\"container\" data-settings=\"{&quot;background_background&quot;:&quot;classic&quot;}\">\n\t\t\t\t<div class=\"elementor-element elementor-element-35b99373 elementor-widget__width-initial elementor-invisible elementor-widget elementor-widget-heading\" data-id=\"35b99373\" data-element_type=\"widget\" data-e-type=\"widget\" data-settings=\"{&quot;_animation&quot;:&quot;slideInUp&quot;}\" data-widget_type=\"heading.default\">\n\t\t\t\t<div class=\"elementor-widget-container\">\n\t\t\t\t\t<h1 class=\"elementor-heading-title elementor-size-default\">DALLEs<\/h1>\t\t\t\t<\/div>\n\t\t\t\t<\/div>\n\t\t\t\t<div class=\"elementor-element elementor-element-e028838 elementor-widget__width-initial elementor-invisible elementor-widget elementor-widget-heading\" data-id=\"e028838\" data-element_type=\"widget\" data-e-type=\"widget\" data-settings=\"{&quot;_animation&quot;:&quot;slideInUp&quot;}\" data-widget_type=\"heading.default\">\n\t\t\t\t<div class=\"elementor-widget-container\">\n\t\t\t\t\t<h1 class=\"elementor-heading-title elementor-size-default\">Seligenstadt<\/h1>\t\t\t\t<\/div>\n\t\t\t\t<\/div>\n\t\t\t\t<\/div>\n\t\t<div class=\"elementor-element elementor-element-6dcc663 e-con-full e-flex e-con e-parent\" data-id=\"6dcc663\" data-element_type=\"container\" data-e-type=\"container\" data-settings=\"{&quot;position&quot;:&quot;fixed&quot;}\">\n\t\t\t\t<div class=\"elementor-element elementor-element-4fa5d0a elementor-widget elementor-widget-button\" data-id=\"4fa5d0a\" data-element_type=\"widget\" data-e-type=\"widget\" data-widget_type=\"button.default\">\n\t\t\t\t<div class=\"elementor-widget-container\">\n\t\t\t\t\t\t\t\t\t<div class=\"elementor-button-wrapper\">\n\t\t\t\t\t<a class=\"elementor-button elementor-button-link elementor-size-sm\" href=\"https:\/\/services.gastronovi.com\/restaurants\/133963\/reservierung\/widget?entry=reservation#1\">\n\t\t\t\t\t\t<span class=\"elementor-button-content-wrapper\">\n\t\t\t\t\t\t\t\t\t<span class=\"elementor-button-text\">Tisch reservieren<\/span>\n\t\t\t\t\t<\/span>\n\t\t\t\t\t<\/a>\n\t\t\t\t<\/div>\n\t\t\t\t\t\t\t\t<\/div>\n\t\t\t\t<\/div>\n\t\t\t\t<\/div>\n\t\t<div class=\"elementor-element elementor-element-3498cda2 e-con-full e-flex e-con e-parent\" data-id=\"3498cda2\" data-element_type=\"container\" data-e-type=\"container\">\n\t\t<div class=\"elementor-element elementor-element-badb3c e-con-full e-flex e-con e-child\" data-id=\"badb3c\" data-element_type=\"container\" data-e-type=\"container\">\n\t\t\t\t<div class=\"elementor-element elementor-element-680fb5c elementor-widget elementor-widget-image\" data-id=\"680fb5c\" data-element_type=\"widget\" data-e-type=\"widget\" data-widget_type=\"image.default\">\n\t\t\t\t<div class=\"elementor-widget-container\">\n\t\t\t\t\t\t\t\t\t\t\t\t\t\t\t<img fetchpriority=\"high\" decoding=\"async\" width=\"1024\" height=\"809\" src=\"https:\/\/dalles-seligenstadt.de\/wp-content\/uploads\/2024\/11\/DALLES-JR-223988-e1732222166313-1024x809.jpg\" class=\"attachment-large size-large wp-image-386\" alt=\"Dalles Seligenstadt\" srcset=\"https:\/\/dalles-seligenstadt.de\/wp-content\/uploads\/2024\/11\/DALLES-JR-223988-e1732222166313-1024x809.jpg 1024w, https:\/\/dalles-seligenstadt.de\/wp-content\/uploads\/2024\/11\/DALLES-JR-223988-e1732222166313-300x237.jpg 300w, https:\/\/dalles-seligenstadt.de\/wp-content\/uploads\/2024\/11\/DALLES-JR-223988-e1732222166313-768x607.jpg 768w, https:\/\/dalles-seligenstadt.de\/wp-content\/uploads\/2024\/11\/DALLES-JR-223988-e1732222166313-600x474.jpg 600w, https:\/\/dalles-seligenstadt.de\/wp-content\/uploads\/2024\/11\/DALLES-JR-223988-e1732222166313.jpg 1200w\" sizes=\"(max-width: 1024px) 100vw, 1024px\" \/>\t\t\t\t\t\t\t\t\t\t\t\t\t\t\t<\/div>\n\t\t\t\t<\/div>\n\t\t\t\t<\/div>\n\t\t<div class=\"elementor-element elementor-element-625d6759 e-con-full e-flex e-con e-child\" data-id=\"625d6759\" data-element_type=\"container\" data-e-type=\"container\" data-settings=\"{&quot;background_background&quot;:&quot;classic&quot;}\">\n\t\t\t\t<div class=\"elementor-element elementor-element-6ecb020 elementor-widget__width-initial elementor-widget elementor-widget-heading\" data-id=\"6ecb020\" data-element_type=\"widget\" data-e-type=\"widget\" data-widget_type=\"heading.default\">\n\t\t\t\t<div class=\"elementor-widget-container\">\n\t\t\t\t\t<h2 class=\"elementor-heading-title elementor-size-default\">Wir holen unsere Welt <br> nach Seligenstadt! <\/h2>\t\t\t\t<\/div>\n\t\t\t\t<\/div>\n\t\t\t\t<div class=\"elementor-element elementor-element-91873b0 elementor-widget elementor-widget-text-editor\" data-id=\"91873b0\" data-element_type=\"widget\" data-e-type=\"widget\" data-widget_type=\"text-editor.default\">\n\t\t\t\t<div class=\"elementor-widget-container\">\n\t\t\t\t\t\t\t\t\t<p>2026 m\u00f6chten wir auf dem Dalles ein Lokal er\u00f6ffnen, das zu einem kulinarischen Treffpunkt der Stadt wird.<\/p><p data-start=\"463\" data-end=\"576\">Aktuell befinden wir uns noch in der Umbau- und Planungsphase. Nat\u00fcrlich halten wir Euch auf unseren Kan\u00e4len \u00fcber Fortschritte und Neuigkeiten auf dem Laufenden.<\/p>\t\t\t\t\t\t\t\t<\/div>\n\t\t\t\t<\/div>\n\t\t\t\t<\/div>\n\t\t\t\t<\/div>\n\t\t<div class=\"elementor-element elementor-element-11892fb elementor-hidden-tablet elementor-hidden-mobile e-flex e-con-boxed e-con e-parent\" data-id=\"11892fb\" data-element_type=\"container\" data-e-type=\"container\" data-settings=\"{&quot;background_background&quot;:&quot;classic&quot;}\">\n\t\t\t\t\t<div class=\"e-con-inner\">\n\t\t\t\t<div class=\"elementor-element elementor-element-76a2c35 elementor-widget__width-initial elementor-widget elementor-widget-heading\" data-id=\"76a2c35\" data-element_type=\"widget\" data-e-type=\"widget\" data-widget_type=\"heading.default\">\n\t\t\t\t<div class=\"elementor-widget-container\">\n\t\t\t\t\t<h2 class=\"elementor-heading-title elementor-size-default\">Tischreservierung<\/h2>\t\t\t\t<\/div>\n\t\t\t\t<\/div>\n\t\t\t\t<div class=\"elementor-element elementor-element-4985469 elementor-widget elementor-widget-text-editor\" data-id=\"4985469\" data-element_type=\"widget\" data-e-type=\"widget\" data-widget_type=\"text-editor.default\">\n\t\t\t\t<div class=\"elementor-widget-container\">\n\t\t\t\t\t\t\t\t\t<p><b> \u00d6ffnungszeiten: <br \/><\/b>Donnerstag bis Sonntag von 9 &#8211; 22 Uhr <br \/>Fr\u00fchst\u00fcck: 9 &#8211; 14 Uhr | Lunch: 11:30 &#8211; 14 Uhr | Dinner: 18 &#8211; 22 Uhr <br \/>Gruppenanfragen ab &gt; 10 Personen an: <br \/>kontakt@dalles-seligenstadt.de<\/p>\t\t\t\t\t\t\t\t<\/div>\n\t\t\t\t<\/div>\n\t\t\t\t<div class=\"elementor-element elementor-element-753427b elementor-widget elementor-widget-html\" data-id=\"753427b\" data-element_type=\"widget\" data-e-type=\"widget\" data-widget_type=\"html.default\">\n\t\t\t\t<div class=\"elementor-widget-container\">\n\t\t\t\t\t<script type=\"text\/javascript\" src=\"https:\/\/services.gastronovi.com\/restaurants\/133963\/scripts\/reservation\" async><\/script>\t\t\t\t<\/div>\n\t\t\t\t<\/div>\n\t\t\t\t\t<\/div>\n\t\t\t\t<\/div>\n\t\t<div class=\"elementor-element elementor-element-3fb7d82 e-con-full e-flex e-con e-parent\" data-id=\"3fb7d82\" data-element_type=\"container\" data-e-type=\"container\">\n\t\t<div class=\"elementor-element elementor-element-3b6753fe e-con-full e-flex e-con e-child\" data-id=\"3b6753fe\" data-element_type=\"container\" data-e-type=\"container\" data-settings=\"{&quot;background_background&quot;:&quot;classic&quot;}\">\n\t\t\t\t<div class=\"elementor-element elementor-element-675588a elementor-widget elementor-widget-image\" data-id=\"675588a\" data-element_type=\"widget\" data-e-type=\"widget\" data-widget_type=\"image.default\">\n\t\t\t\t<div class=\"elementor-widget-container\">\n\t\t\t\t\t\t\t\t\t\t\t\t\t\t\t<img decoding=\"async\" width=\"500\" height=\"500\" src=\"https:\/\/dalles-seligenstadt.de\/wp-content\/uploads\/2024\/11\/Haus-Dalles.png\" class=\"attachment-large size-large wp-image-221\" alt=\"Scherenschnitt vom Dalles Seligenstadt\" srcset=\"https:\/\/dalles-seligenstadt.de\/wp-content\/uploads\/2024\/11\/Haus-Dalles.png 500w, https:\/\/dalles-seligenstadt.de\/wp-content\/uploads\/2024\/11\/Haus-Dalles-300x300.png 300w, https:\/\/dalles-seligenstadt.de\/wp-content\/uploads\/2024\/11\/Haus-Dalles-100x100.png 100w, https:\/\/dalles-seligenstadt.de\/wp-content\/uploads\/2024\/11\/Haus-Dalles-150x150.png 150w\" sizes=\"(max-width: 500px) 100vw, 500px\" \/>\t\t\t\t\t\t\t\t\t\t\t\t\t\t\t<\/div>\n\t\t\t\t<\/div>\n\t\t\t\t<div class=\"elementor-element elementor-element-31d8325 elementor-widget elementor-widget-heading\" data-id=\"31d8325\" data-element_type=\"widget\" data-e-type=\"widget\" data-widget_type=\"heading.default\">\n\t\t\t\t<div class=\"elementor-widget-container\">\n\t\t\t\t\t<h2 class=\"elementor-heading-title elementor-size-default\">POst vom dalles<\/h2>\t\t\t\t<\/div>\n\t\t\t\t<\/div>\n\t\t\t\t<div class=\"elementor-element elementor-element-1731eab elementor-widget elementor-widget-text-editor\" data-id=\"1731eab\" data-element_type=\"widget\" data-e-type=\"widget\" data-widget_type=\"text-editor.default\">\n\t\t\t\t<div class=\"elementor-widget-container\">\n\t\t\t\t\t\t\t\t\t<p class=\"p2\">Meld Dich an zur Post vom Dalles &#8211; <br>dort erf\u00e4hrst Du alles.<\/p>\n<p>Du hast die Wahl, ob wir Dich lieber <br>per E-Mail oder WhatsApp erreichen sollen.&nbsp;<\/p>\t\t\t\t\t\t\t\t<\/div>\n\t\t\t\t<\/div>\n\t\t\t\t<div class=\"elementor-element elementor-element-a75a739 elementor-align-center elementor-widget elementor-widget-button\" data-id=\"a75a739\" data-element_type=\"widget\" data-e-type=\"widget\" data-widget_type=\"button.default\">\n\t\t\t\t<div class=\"elementor-widget-container\">\n\t\t\t\t\t\t\t\t\t<div class=\"elementor-button-wrapper\">\n\t\t\t\t\t<a class=\"elementor-button elementor-button-link elementor-size-sm\" href=\"https:\/\/dalles-seligenstadt.de\/?page_id=449\">\n\t\t\t\t\t\t<span class=\"elementor-button-content-wrapper\">\n\t\t\t\t\t\t\t\t\t<span class=\"elementor-button-text\">Zur E-mail Anmeldung<\/span>\n\t\t\t\t\t<\/span>\n\t\t\t\t\t<\/a>\n\t\t\t\t<\/div>\n\t\t\t\t\t\t\t\t<\/div>\n\t\t\t\t<\/div>\n\t\t\t\t<div class=\"elementor-element elementor-element-6752806 elementor-align-center elementor-widget elementor-widget-button\" data-id=\"6752806\" data-element_type=\"widget\" data-e-type=\"widget\" data-widget_type=\"button.default\">\n\t\t\t\t<div class=\"elementor-widget-container\">\n\t\t\t\t\t\t\t\t\t<div class=\"elementor-button-wrapper\">\n\t\t\t\t\t<a class=\"elementor-button elementor-button-link elementor-size-sm\" href=\"https:\/\/dalles-seligenstadt.de\/?page_id=426\">\n\t\t\t\t\t\t<span class=\"elementor-button-content-wrapper\">\n\t\t\t\t\t\t\t\t\t<span class=\"elementor-button-text\">Zur WhatsApp Anmeldung<\/span>\n\t\t\t\t\t<\/span>\n\t\t\t\t\t<\/a>\n\t\t\t\t<\/div>\n\t\t\t\t\t\t\t\t<\/div>\n\t\t\t\t<\/div>\n\t\t\t\t<\/div>\n\t\t\t\t<div class=\"elementor-element elementor-element-932eb9f elementor-widget elementor-widget-html\" data-id=\"932eb9f\" data-element_type=\"widget\" data-e-type=\"widget\" data-widget_type=\"html.default\">\n\t\t\t\t<div class=\"elementor-widget-container\">\n\t\t\t\t\t<div class=\"marquee\">\n  <div class=\"marquee-inner\">\n    <span>BLEIBE UP TO DATE \u00b7 FOLGE UNSEREN ACCOUNTS \u00b7 BLEIBE UP TO DATE \u00b7 FOLGE UNSEREN ACCOUNTS \u00b7 BLEIBE UP TO DATE \u00b7 FOLGE UNSEREN \u00b7 BLEIBE UP TO DATE \u00b7 FOLGE UNSEREN ACCOUNTS \u00b7 <\/span>\n    \n  <\/div>\n<\/div>\n\n<style>\n\/* \ud83c\udf10 Desktop \u2013 Vertikale Version *\/\n.marquee {\n  width: 50px;\n  height: 900px;\n  overflow: hidden;\n  position: relative;\n  color: #6680ae;\n  font-size: 18px;\n  font-family: Antonio, sans-serif;\n  writing-mode: vertical-rl;\n  text-orientation: mixed;\n  white-space: nowrap;\n}\n\n.marquee-inner {\n  display: flex;\n  flex-direction: column;\n  animation: scroll-vertical 12s linear infinite;\n}\n\n.marquee-inner span {\n  display: block;\n}\n\n@keyframes scroll-vertical {\n  0% {\n    transform: translateY(-100%);\n  }\n  100% {\n    transform: translateY(0);\n  }\n}\n\n\/* \ud83d\udcf1 Mobile & Tablet \u2013 Horizontale Version *\/\n@media (max-width: 1024px) {\n  .marquee {\n    width: 100%;\n    height: auto;\n    writing-mode: horizontal-tb;\n    text-orientation: initial;\n  }\n\n  .marquee-inner {\n    flex-direction: row;\n    animation: scroll-horizontal 15s linear infinite;\n  }\n\n  .marquee-inner span {\n    display: inline-block;\n    padding-right: 2rem; \/* kleiner Abstand zwischen den Duplikaten *\/\n  }\n\n  @keyframes scroll-horizontal {\n    0% {\n      transform: translateX(-100%);\n    }\n    100% {\n      transform: translateX(0);\n    }\n  }\n}\n<\/style>\t\t\t\t<\/div>\n\t\t\t\t<\/div>\n\t\t<div class=\"elementor-element elementor-element-50bd50b5 e-con-full e-flex e-con e-child\" data-id=\"50bd50b5\" data-element_type=\"container\" data-e-type=\"container\" data-settings=\"{&quot;background_background&quot;:&quot;classic&quot;}\">\n\t\t\t\t<div class=\"elementor-element elementor-element-1ab2faf elementor-widget elementor-widget-image\" data-id=\"1ab2faf\" data-element_type=\"widget\" data-e-type=\"widget\" data-widget_type=\"image.default\">\n\t\t\t\t<div class=\"elementor-widget-container\">\n\t\t\t\t\t\t\t\t\t\t\t\t\t\t\t<img decoding=\"async\" width=\"1024\" height=\"922\" src=\"https:\/\/dalles-seligenstadt.de\/wp-content\/uploads\/2024\/11\/DALLES-JR-223973-e1732223811332-1024x922.jpg\" class=\"attachment-large size-large wp-image-461\" alt=\"Annabell Deutsch, Marie Plaschke und Amadeus Kraus vom Dalles Seligenstadt\" srcset=\"https:\/\/dalles-seligenstadt.de\/wp-content\/uploads\/2024\/11\/DALLES-JR-223973-e1732223811332-1024x922.jpg 1024w, https:\/\/dalles-seligenstadt.de\/wp-content\/uploads\/2024\/11\/DALLES-JR-223973-e1732223811332-300x270.jpg 300w, https:\/\/dalles-seligenstadt.de\/wp-content\/uploads\/2024\/11\/DALLES-JR-223973-e1732223811332-768x691.jpg 768w, https:\/\/dalles-seligenstadt.de\/wp-content\/uploads\/2024\/11\/DALLES-JR-223973-e1732223811332-600x540.jpg 600w, https:\/\/dalles-seligenstadt.de\/wp-content\/uploads\/2024\/11\/DALLES-JR-223973-e1732223811332.jpg 1200w\" sizes=\"(max-width: 1024px) 100vw, 1024px\" \/>\t\t\t\t\t\t\t\t\t\t\t\t\t\t\t<\/div>\n\t\t\t\t<\/div>\n\t\t<div class=\"elementor-element elementor-element-188be6c e-con-full e-flex e-con e-child\" data-id=\"188be6c\" data-element_type=\"container\" data-e-type=\"container\">\n\t\t\t\t<div class=\"elementor-element elementor-element-d258c17 elementor-widget elementor-widget-heading\" data-id=\"d258c17\" data-element_type=\"widget\" data-e-type=\"widget\" data-widget_type=\"heading.default\">\n\t\t\t\t<div class=\"elementor-widget-container\">\n\t\t\t\t\t<h2 class=\"elementor-heading-title elementor-size-default\">FOlge uns!<\/h2>\t\t\t\t<\/div>\n\t\t\t\t<\/div>\n\t\t\t\t<div class=\"elementor-element elementor-element-a083e03 elementor-shape-rounded elementor-grid-0 e-grid-align-center elementor-widget elementor-widget-social-icons\" data-id=\"a083e03\" data-element_type=\"widget\" data-e-type=\"widget\" data-widget_type=\"social-icons.default\">\n\t\t\t\t<div class=\"elementor-widget-container\">\n\t\t\t\t\t\t\t<div class=\"elementor-social-icons-wrapper elementor-grid\" role=\"list\">\n\t\t\t\t\t\t\t<span class=\"elementor-grid-item\" role=\"listitem\">\n\t\t\t\t\t<a class=\"elementor-icon elementor-social-icon elementor-social-icon-instagram elementor-repeater-item-2071c69\" href=\"https:\/\/www.instagram.com\/dalles_seligenstadt?igsh=MTI4dWZzaWQzdTl3ag%3D%3D\" target=\"_blank\">\n\t\t\t\t\t\t<span class=\"elementor-screen-only\">Instagram<\/span>\n\t\t\t\t\t\t<svg aria-hidden=\"true\" class=\"e-font-icon-svg e-fab-instagram\" viewBox=\"0 0 448 512\" xmlns=\"http:\/\/www.w3.org\/2000\/svg\"><path d=\"M224.1 141c-63.6 0-114.9 51.3-114.9 114.9s51.3 114.9 114.9 114.9S339 319.5 339 255.9 287.7 141 224.1 141zm0 189.6c-41.1 0-74.7-33.5-74.7-74.7s33.5-74.7 74.7-74.7 74.7 33.5 74.7 74.7-33.6 74.7-74.7 74.7zm146.4-194.3c0 14.9-12 26.8-26.8 26.8-14.9 0-26.8-12-26.8-26.8s12-26.8 26.8-26.8 26.8 12 26.8 26.8zm76.1 27.2c-1.7-35.9-9.9-67.7-36.2-93.9-26.2-26.2-58-34.4-93.9-36.2-37-2.1-147.9-2.1-184.9 0-35.8 1.7-67.6 9.9-93.9 36.1s-34.4 58-36.2 93.9c-2.1 37-2.1 147.9 0 184.9 1.7 35.9 9.9 67.7 36.2 93.9s58 34.4 93.9 36.2c37 2.1 147.9 2.1 184.9 0 35.9-1.7 67.7-9.9 93.9-36.2 26.2-26.2 34.4-58 36.2-93.9 2.1-37 2.1-147.8 0-184.8zM398.8 388c-7.8 19.6-22.9 34.7-42.6 42.6-29.5 11.7-99.5 9-132.1 9s-102.7 2.6-132.1-9c-19.6-7.8-34.7-22.9-42.6-42.6-11.7-29.5-9-99.5-9-132.1s-2.6-102.7 9-132.1c7.8-19.6 22.9-34.7 42.6-42.6 29.5-11.7 99.5-9 132.1-9s102.7-2.6 132.1 9c19.6 7.8 34.7 22.9 42.6 42.6 11.7 29.5 9 99.5 9 132.1s2.7 102.7-9 132.1z\"><\/path><\/svg>\t\t\t\t\t<\/a>\n\t\t\t\t<\/span>\n\t\t\t\t\t\t\t<span class=\"elementor-grid-item\" role=\"listitem\">\n\t\t\t\t\t<a class=\"elementor-icon elementor-social-icon elementor-social-icon-facebook elementor-repeater-item-1103e99\" href=\"https:\/\/www.facebook.com\/profile.php?id=61568742675668\" target=\"_blank\">\n\t\t\t\t\t\t<span class=\"elementor-screen-only\">Facebook<\/span>\n\t\t\t\t\t\t<svg aria-hidden=\"true\" class=\"e-font-icon-svg e-fab-facebook\" viewBox=\"0 0 512 512\" xmlns=\"http:\/\/www.w3.org\/2000\/svg\"><path d=\"M504 256C504 119 393 8 256 8S8 119 8 256c0 123.78 90.69 226.38 209.25 245V327.69h-63V256h63v-54.64c0-62.15 37-96.48 93.67-96.48 27.14 0 55.52 4.84 55.52 4.84v61h-31.28c-30.8 0-40.41 19.12-40.41 38.73V256h68.78l-11 71.69h-57.78V501C413.31 482.38 504 379.78 504 256z\"><\/path><\/svg>\t\t\t\t\t<\/a>\n\t\t\t\t<\/span>\n\t\t\t\t\t\t\t<span class=\"elementor-grid-item\" role=\"listitem\">\n\t\t\t\t\t<a class=\"elementor-icon elementor-social-icon elementor-social-icon-threads elementor-repeater-item-6870a00\" href=\"https:\/\/www.threads.net\/@dalles_seligenstadt\" target=\"_blank\">\n\t\t\t\t\t\t<span class=\"elementor-screen-only\">Threads<\/span>\n\t\t\t\t\t\t<svg aria-hidden=\"true\" class=\"e-font-icon-svg e-fab-threads\" viewBox=\"0 0 448 512\" xmlns=\"http:\/\/www.w3.org\/2000\/svg\"><path d=\"M331.5 235.7c2.2 .9 4.2 1.9 6.3 2.8c29.2 14.1 50.6 35.2 61.8 61.4c15.7 36.5 17.2 95.8-30.3 143.2c-36.2 36.2-80.3 52.5-142.6 53h-.3c-70.2-.5-124.1-24.1-160.4-70.2c-32.3-41-48.9-98.1-49.5-169.6V256v-.2C17 184.3 33.6 127.2 65.9 86.2C102.2 40.1 156.2 16.5 226.4 16h.3c70.3 .5 124.9 24 162.3 69.9c18.4 22.7 32 50 40.6 81.7l-40.4 10.8c-7.1-25.8-17.8-47.8-32.2-65.4c-29.2-35.8-73-54.2-130.5-54.6c-57 .5-100.1 18.8-128.2 54.4C72.1 146.1 58.5 194.3 58 256c.5 61.7 14.1 109.9 40.3 143.3c28 35.6 71.2 53.9 128.2 54.4c51.4-.4 85.4-12.6 113.7-40.9c32.3-32.2 31.7-71.8 21.4-95.9c-6.1-14.2-17.1-26-31.9-34.9c-3.7 26.9-11.8 48.3-24.7 64.8c-17.1 21.8-41.4 33.6-72.7 35.3c-23.6 1.3-46.3-4.4-63.9-16c-20.8-13.8-33-34.8-34.3-59.3c-2.5-48.3 35.7-83 95.2-86.4c21.1-1.2 40.9-.3 59.2 2.8c-2.4-14.8-7.3-26.6-14.6-35.2c-10-11.7-25.6-17.7-46.2-17.8H227c-16.6 0-39 4.6-53.3 26.3l-34.4-23.6c19.2-29.1 50.3-45.1 87.8-45.1h.8c62.6 .4 99.9 39.5 103.7 107.7l-.2 .2zm-156 68.8c1.3 25.1 28.4 36.8 54.6 35.3c25.6-1.4 54.6-11.4 59.5-73.2c-13.2-2.9-27.8-4.4-43.4-4.4c-4.8 0-9.6 .1-14.4 .4c-42.9 2.4-57.2 23.2-56.2 41.8l-.1 .1z\"><\/path><\/svg>\t\t\t\t\t<\/a>\n\t\t\t\t<\/span>\n\t\t\t\t\t<\/div>\n\t\t\t\t\t\t<\/div>\n\t\t\t\t<\/div>\n\t\t\t\t<div class=\"elementor-element elementor-element-450634d elementor-widget elementor-widget-text-editor\" data-id=\"450634d\" data-element_type=\"widget\" data-e-type=\"widget\" data-widget_type=\"text-editor.default\">\n\t\t\t\t<div class=\"elementor-widget-container\">\n\t\t\t\t\t\t\t\t\t<p class=\"p2\">Aschaffenburger Stra\u00dfe 8 | 63500 Seligenstadt<\/p>\t\t\t\t\t\t\t\t<\/div>\n\t\t\t\t<\/div>\n\t\t\t\t<\/div>\n\t\t\t\t<\/div>\n\t\t\t\t<\/div>\n\t\t\t\t<\/div>\n\t\t","protected":false},"excerpt":{"rendered":"<p>DALLEs Seligenstadt Tisch reservieren Wir holen unsere Welt nach Seligenstadt! 2026 m\u00f6chten wir auf dem Dalles ein Lokal er\u00f6ffnen, das zu einem kulinarischen Treffpunkt der Stadt wird. Aktuell befinden wir uns noch in der Umbau- und Planungsphase. Nat\u00fcrlich halten wir Euch auf unseren Kan\u00e4len \u00fcber Fortschritte und Neuigkeiten auf dem Laufenden. Tischreservierung \u00d6ffnungszeiten: Donnerstag bis [&hellip;]<\/p>\n","protected":false},"author":2,"featured_media":0,"parent":0,"menu_order":0,"comment_status":"closed","ping_status":"closed","template":"elementor_header_footer","meta":{"ocean_post_layout":"full-screen","ocean_both_sidebars_style":"","ocean_both_sidebars_content_width":0,"ocean_both_sidebars_sidebars_width":0,"ocean_sidebar":"","ocean_second_sidebar":"","ocean_disable_margins":"enable","ocean_add_body_class":"","ocean_shortcode_before_top_bar":"","ocean_shortcode_after_top_bar":"","ocean_shortcode_before_header":"","ocean_shortcode_after_header":"","ocean_has_shortcode":"","ocean_shortcode_after_title":"","ocean_shortcode_before_footer_widgets":"","ocean_shortcode_after_footer_widgets":"","ocean_shortcode_before_footer_bottom":"","ocean_shortcode_after_footer_bottom":"","ocean_display_top_bar":"off","ocean_display_header":"off","ocean_header_style":"","ocean_center_header_left_menu":"","ocean_custom_header_template":"","ocean_custom_logo":0,"ocean_custom_retina_logo":0,"ocean_custom_logo_max_width":0,"ocean_custom_logo_tablet_max_width":0,"ocean_custom_logo_mobile_max_width":0,"ocean_custom_logo_max_height":0,"ocean_custom_logo_tablet_max_height":0,"ocean_custom_logo_mobile_max_height":0,"ocean_header_custom_menu":"","ocean_menu_typo_font_family":"","ocean_menu_typo_font_subset":"","ocean_menu_typo_font_size":0,"ocean_menu_typo_font_size_tablet":0,"ocean_menu_typo_font_size_mobile":0,"ocean_menu_typo_font_size_unit":"px","ocean_menu_typo_font_weight":"","ocean_menu_typo_font_weight_tablet":"","ocean_menu_typo_font_weight_mobile":"","ocean_menu_typo_transform":"","ocean_menu_typo_transform_tablet":"","ocean_menu_typo_transform_mobile":"","ocean_menu_typo_line_height":0,"ocean_menu_typo_line_height_tablet":0,"ocean_menu_typo_line_height_mobile":0,"ocean_menu_typo_line_height_unit":"","ocean_menu_typo_spacing":0,"ocean_menu_typo_spacing_tablet":0,"ocean_menu_typo_spacing_mobile":0,"ocean_menu_typo_spacing_unit":"","ocean_menu_link_color":"","ocean_menu_link_color_hover":"","ocean_menu_link_color_active":"","ocean_menu_link_background":"","ocean_menu_link_hover_background":"","ocean_menu_link_active_background":"","ocean_menu_social_links_bg":"","ocean_menu_social_hover_links_bg":"","ocean_menu_social_links_color":"","ocean_menu_social_hover_links_color":"","ocean_disable_title":"on","ocean_disable_heading":"default","ocean_post_title":"","ocean_post_subheading":"","ocean_post_title_style":"","ocean_post_title_background_color":"","ocean_post_title_background":0,"ocean_post_title_bg_image_position":"","ocean_post_title_bg_image_attachment":"","ocean_post_title_bg_image_repeat":"","ocean_post_title_bg_image_size":"","ocean_post_title_height":0,"ocean_post_title_bg_overlay":0.5,"ocean_post_title_bg_overlay_color":"","ocean_disable_breadcrumbs":"default","ocean_breadcrumbs_color":"","ocean_breadcrumbs_separator_color":"","ocean_breadcrumbs_links_color":"","ocean_breadcrumbs_links_hover_color":"","ocean_display_footer_widgets":"off","ocean_display_footer_bottom":"off","ocean_custom_footer_template":"","footnotes":""},"class_list":["post-83","page","type-page","status-publish","hentry","entry"],"yoast_head":"<!-- This site is optimized with the Yoast SEO plugin v27.2 - https:\/\/yoast.com\/product\/yoast-seo-wordpress\/ -->\n<title>DALLES SELIGENSTADT<\/title>\n<meta name=\"description\" content=\"Wir bringen unsere Welt nach Seligenstadt. Unser Lokal Dalles vereint regionale &amp; regionale Gerichte mit Wohlf\u00fchlatmosph\u00e4re zum Verweilen.\" \/>\n<meta name=\"robots\" content=\"index, follow, max-snippet:-1, max-image-preview:large, max-video-preview:-1\" \/>\n<link rel=\"canonical\" href=\"https:\/\/dalles-seligenstadt.de\/?page_id=83\" \/>\n<meta property=\"og:locale\" content=\"de_DE\" \/>\n<meta property=\"og:type\" content=\"article\" \/>\n<meta property=\"og:title\" content=\"DALLES SELIGENSTADT\" \/>\n<meta property=\"og:description\" content=\"Wir bringen unsere Welt nach Seligenstadt. Unser Lokal Dalles vereint regionale &amp; regionale Gerichte mit Wohlf\u00fchlatmosph\u00e4re zum Verweilen.\" \/>\n<meta property=\"og:url\" content=\"https:\/\/dalles-seligenstadt.de\/?page_id=83\" \/>\n<meta property=\"og:site_name\" content=\"DALLES Selingenstadt\" \/>\n<meta property=\"article:modified_time\" content=\"2026-04-08T11:08:38+00:00\" \/>\n<meta property=\"og:image\" content=\"https:\/\/dalles-seligenstadt.de\/wp-content\/uploads\/2024\/11\/DALLES-JR-223988-e1732222166313-1024x809.jpg\" \/>\n<meta name=\"twitter:card\" content=\"summary_large_image\" \/>\n<meta name=\"twitter:label1\" content=\"Gesch\u00e4tzte Lesezeit\" \/>\n\t<meta name=\"twitter:data1\" content=\"2\u00a0Minuten\" \/>\n<script type=\"application\/ld+json\" class=\"yoast-schema-graph\">{\"@context\":\"https:\/\/schema.org\",\"@graph\":[{\"@type\":\"WebPage\",\"@id\":\"https:\/\/dalles-seligenstadt.de\/?page_id=83\",\"url\":\"https:\/\/dalles-seligenstadt.de\/?page_id=83\",\"name\":\"DALLES SELIGENSTADT\",\"isPartOf\":{\"@id\":\"https:\/\/dalles-seligenstadt.de\/#website\"},\"primaryImageOfPage\":{\"@id\":\"https:\/\/dalles-seligenstadt.de\/?page_id=83#primaryimage\"},\"image\":{\"@id\":\"https:\/\/dalles-seligenstadt.de\/?page_id=83#primaryimage\"},\"thumbnailUrl\":\"https:\/\/dalles-seligenstadt.de\/wp-content\/uploads\/2024\/11\/DALLES-JR-223988-e1732222166313-1024x809.jpg\",\"datePublished\":\"2024-11-21T11:00:37+00:00\",\"dateModified\":\"2026-04-08T11:08:38+00:00\",\"description\":\"Wir bringen unsere Welt nach Seligenstadt. Unser Lokal Dalles vereint regionale & regionale Gerichte mit Wohlf\u00fchlatmosph\u00e4re zum Verweilen.\",\"breadcrumb\":{\"@id\":\"https:\/\/dalles-seligenstadt.de\/?page_id=83#breadcrumb\"},\"inLanguage\":\"de\",\"potentialAction\":[{\"@type\":\"ReadAction\",\"target\":[\"https:\/\/dalles-seligenstadt.de\/?page_id=83\"]}]},{\"@type\":\"ImageObject\",\"inLanguage\":\"de\",\"@id\":\"https:\/\/dalles-seligenstadt.de\/?page_id=83#primaryimage\",\"url\":\"https:\/\/dalles-seligenstadt.de\/wp-content\/uploads\/2024\/11\/DALLES-JR-223988-e1732222166313.jpg\",\"contentUrl\":\"https:\/\/dalles-seligenstadt.de\/wp-content\/uploads\/2024\/11\/DALLES-JR-223988-e1732222166313.jpg\",\"width\":1200,\"height\":948,\"caption\":\"Dalles Seligenstadt\"},{\"@type\":\"BreadcrumbList\",\"@id\":\"https:\/\/dalles-seligenstadt.de\/?page_id=83#breadcrumb\",\"itemListElement\":[{\"@type\":\"ListItem\",\"position\":1,\"name\":\"Startseite\",\"item\":\"https:\/\/dalles-seligenstadt.de\/\"},{\"@type\":\"ListItem\",\"position\":2,\"name\":\"DALLES | SELIGENSTADT &#8211; COMING SOON\"}]},{\"@type\":\"WebSite\",\"@id\":\"https:\/\/dalles-seligenstadt.de\/#website\",\"url\":\"https:\/\/dalles-seligenstadt.de\/\",\"name\":\"DALLES Selingenstadt\",\"description\":\"FR\u00dcHST\u00dcCK |\u00a0DINNER |\u00a0KAFFEE | WEIN\",\"publisher\":{\"@id\":\"https:\/\/dalles-seligenstadt.de\/#organization\"},\"potentialAction\":[{\"@type\":\"SearchAction\",\"target\":{\"@type\":\"EntryPoint\",\"urlTemplate\":\"https:\/\/dalles-seligenstadt.de\/?s={search_term_string}\"},\"query-input\":{\"@type\":\"PropertyValueSpecification\",\"valueRequired\":true,\"valueName\":\"search_term_string\"}}],\"inLanguage\":\"de\"},{\"@type\":\"Organization\",\"@id\":\"https:\/\/dalles-seligenstadt.de\/#organization\",\"name\":\"DALLES Selingenstadt\",\"url\":\"https:\/\/dalles-seligenstadt.de\/\",\"logo\":{\"@type\":\"ImageObject\",\"inLanguage\":\"de\",\"@id\":\"https:\/\/dalles-seligenstadt.de\/#\/schema\/logo\/image\/\",\"url\":\"https:\/\/dalles-seligenstadt.de\/wp-content\/uploads\/2024\/11\/Logo-Dalles-1.png\",\"contentUrl\":\"https:\/\/dalles-seligenstadt.de\/wp-content\/uploads\/2024\/11\/Logo-Dalles-1.png\",\"width\":1000,\"height\":1000,\"caption\":\"DALLES Selingenstadt\"},\"image\":{\"@id\":\"https:\/\/dalles-seligenstadt.de\/#\/schema\/logo\/image\/\"}}]}<\/script>\n<!-- \/ Yoast SEO plugin. -->","yoast_head_json":{"title":"DALLES SELIGENSTADT","description":"Wir bringen unsere Welt nach Seligenstadt. Unser Lokal Dalles vereint regionale & regionale Gerichte mit Wohlf\u00fchlatmosph\u00e4re zum Verweilen.","robots":{"index":"index","follow":"follow","max-snippet":"max-snippet:-1","max-image-preview":"max-image-preview:large","max-video-preview":"max-video-preview:-1"},"canonical":"https:\/\/dalles-seligenstadt.de\/?page_id=83","og_locale":"de_DE","og_type":"article","og_title":"DALLES SELIGENSTADT","og_description":"Wir bringen unsere Welt nach Seligenstadt. Unser Lokal Dalles vereint regionale & regionale Gerichte mit Wohlf\u00fchlatmosph\u00e4re zum Verweilen.","og_url":"https:\/\/dalles-seligenstadt.de\/?page_id=83","og_site_name":"DALLES Selingenstadt","article_modified_time":"2026-04-08T11:08:38+00:00","og_image":[{"url":"https:\/\/dalles-seligenstadt.de\/wp-content\/uploads\/2024\/11\/DALLES-JR-223988-e1732222166313-1024x809.jpg","type":"","width":"","height":""}],"twitter_card":"summary_large_image","twitter_misc":{"Gesch\u00e4tzte Lesezeit":"2\u00a0Minuten"},"schema":{"@context":"https:\/\/schema.org","@graph":[{"@type":"WebPage","@id":"https:\/\/dalles-seligenstadt.de\/?page_id=83","url":"https:\/\/dalles-seligenstadt.de\/?page_id=83","name":"DALLES SELIGENSTADT","isPartOf":{"@id":"https:\/\/dalles-seligenstadt.de\/#website"},"primaryImageOfPage":{"@id":"https:\/\/dalles-seligenstadt.de\/?page_id=83#primaryimage"},"image":{"@id":"https:\/\/dalles-seligenstadt.de\/?page_id=83#primaryimage"},"thumbnailUrl":"https:\/\/dalles-seligenstadt.de\/wp-content\/uploads\/2024\/11\/DALLES-JR-223988-e1732222166313-1024x809.jpg","datePublished":"2024-11-21T11:00:37+00:00","dateModified":"2026-04-08T11:08:38+00:00","description":"Wir bringen unsere Welt nach Seligenstadt. Unser Lokal Dalles vereint regionale & regionale Gerichte mit Wohlf\u00fchlatmosph\u00e4re zum Verweilen.","breadcrumb":{"@id":"https:\/\/dalles-seligenstadt.de\/?page_id=83#breadcrumb"},"inLanguage":"de","potentialAction":[{"@type":"ReadAction","target":["https:\/\/dalles-seligenstadt.de\/?page_id=83"]}]},{"@type":"ImageObject","inLanguage":"de","@id":"https:\/\/dalles-seligenstadt.de\/?page_id=83#primaryimage","url":"https:\/\/dalles-seligenstadt.de\/wp-content\/uploads\/2024\/11\/DALLES-JR-223988-e1732222166313.jpg","contentUrl":"https:\/\/dalles-seligenstadt.de\/wp-content\/uploads\/2024\/11\/DALLES-JR-223988-e1732222166313.jpg","width":1200,"height":948,"caption":"Dalles Seligenstadt"},{"@type":"BreadcrumbList","@id":"https:\/\/dalles-seligenstadt.de\/?page_id=83#breadcrumb","itemListElement":[{"@type":"ListItem","position":1,"name":"Startseite","item":"https:\/\/dalles-seligenstadt.de\/"},{"@type":"ListItem","position":2,"name":"DALLES | SELIGENSTADT &#8211; COMING SOON"}]},{"@type":"WebSite","@id":"https:\/\/dalles-seligenstadt.de\/#website","url":"https:\/\/dalles-seligenstadt.de\/","name":"DALLES Selingenstadt","description":"FR\u00dcHST\u00dcCK |\u00a0DINNER |\u00a0KAFFEE | WEIN","publisher":{"@id":"https:\/\/dalles-seligenstadt.de\/#organization"},"potentialAction":[{"@type":"SearchAction","target":{"@type":"EntryPoint","urlTemplate":"https:\/\/dalles-seligenstadt.de\/?s={search_term_string}"},"query-input":{"@type":"PropertyValueSpecification","valueRequired":true,"valueName":"search_term_string"}}],"inLanguage":"de"},{"@type":"Organization","@id":"https:\/\/dalles-seligenstadt.de\/#organization","name":"DALLES Selingenstadt","url":"https:\/\/dalles-seligenstadt.de\/","logo":{"@type":"ImageObject","inLanguage":"de","@id":"https:\/\/dalles-seligenstadt.de\/#\/schema\/logo\/image\/","url":"https:\/\/dalles-seligenstadt.de\/wp-content\/uploads\/2024\/11\/Logo-Dalles-1.png","contentUrl":"https:\/\/dalles-seligenstadt.de\/wp-content\/uploads\/2024\/11\/Logo-Dalles-1.png","width":1000,"height":1000,"caption":"DALLES Selingenstadt"},"image":{"@id":"https:\/\/dalles-seligenstadt.de\/#\/schema\/logo\/image\/"}}]}},"_links":{"self":[{"href":"https:\/\/dalles-seligenstadt.de\/index.php?rest_route=\/wp\/v2\/pages\/83","targetHints":{"allow":["GET"]}}],"collection":[{"href":"https:\/\/dalles-seligenstadt.de\/index.php?rest_route=\/wp\/v2\/pages"}],"about":[{"href":"https:\/\/dalles-seligenstadt.de\/index.php?rest_route=\/wp\/v2\/types\/page"}],"author":[{"embeddable":true,"href":"https:\/\/dalles-seligenstadt.de\/index.php?rest_route=\/wp\/v2\/users\/2"}],"replies":[{"embeddable":true,"href":"https:\/\/dalles-seligenstadt.de\/index.php?rest_route=%2Fwp%2Fv2%2Fcomments&post=83"}],"version-history":[{"count":495,"href":"https:\/\/dalles-seligenstadt.de\/index.php?rest_route=\/wp\/v2\/pages\/83\/revisions"}],"predecessor-version":[{"id":1237,"href":"https:\/\/dalles-seligenstadt.de\/index.php?rest_route=\/wp\/v2\/pages\/83\/revisions\/1237"}],"wp:attachment":[{"href":"https:\/\/dalles-seligenstadt.de\/index.php?rest_route=%2Fwp%2Fv2%2Fmedia&parent=83"}],"curies":[{"name":"wp","href":"https:\/\/api.w.org\/{rel}","templated":true}]}}